{"id":121,"date":"2019-04-24T12:47:00","date_gmt":"2019-04-24T12:47:00","guid":{"rendered":"http:\/\/logos.bilkent.edu.tr\/?page_id=121"},"modified":"2022-11-18T08:58:31","modified_gmt":"2022-11-18T08:58:31","slug":"hakkinda","status":"publish","type":"page","link":"https:\/\/logos.bilkent.edu.tr\/index.php\/hakkinda\/","title":{"rendered":"Hakk\u0131nda"},"content":{"rendered":"<p>Bilkent \u00dcniversitesi <a href=\"https:\/\/logos.bilkent.edu.tr\/index.php\/ekip\/\">felsefe b\u00f6l\u00fcm\u00fc hocalar\u0131 ve lisans\u00fcst\u00fc \u00f6\u011frencilerinin<\/a> g\u00f6n\u00fcll\u00fc \u00e7al\u0131\u015fmalar\u0131 ile olu\u015fturulan Bilkent Felsefe S\u00f6zl\u00fc\u011f\u00fc <a href=\"https:\/\/www.unesco.org\/en\/days\/philosophy\" target=\"_blank\" rel=\"noopener\">UNESCO D\u00fcnya Felsefe G\u00fcn\u00fc<\/a> vesilesiyle 17 Kas\u0131m 2022 tarihinde yay\u0131n hayat\u0131na ba\u015flad\u0131. \u015eu anda s\u00f6zl\u00fckte felsefe ve ilgili alanlara dair <span class=\"sbs-count-posts\"><span class=\"sbs-count-posts\">4,056<\/span><\/span> terim bulunuyor. S\u00f6zl\u00fc\u011f\u00fcn kelime da\u011farc\u0131\u011f\u0131n\u0131 s\u00fcrekli art\u0131rmay\u0131 planl\u0131yoruz.<\/p>\n<p>K\u00e2r amac\u0131 g\u00fctmeyen bu s\u00f6zl\u00fc\u011f\u00fcn \u00fc\u00e7 temel hedefi var:<\/p>\n<ol>\n<li>\u00d6\u011frencilere, akademisyenlere ve felsefe ile ilgilenen herkese \u00e7evrimi\u00e7i bir kaynak olu\u015fturmak<\/li>\n<li>\u0130ngilizce felsefi metinlerin \u00e7evirilerine yard\u0131mc\u0131 olmak<\/li>\n<li>Felsefi terimlerin T\u00fcrk\u00e7e kullan\u0131mlar\u0131n\u0131n standartla\u015fmas\u0131na katk\u0131da bulunmak<\/li>\n<\/ol>\n<p>Felsefi terimleri \u00e7evirirken T\u00fcrk\u00e7edeki mevcut kullan\u0131mlar\u0131 elimizden geldi\u011fince g\u00f6zetmeye \u00e7al\u0131\u015ft\u0131k ve bunu sa\u011flayabilmek i\u00e7in h\u00e2lihaz\u0131rda var olan felsefe s\u00f6zl\u00fcklerinden ve <a href=\"https:\/\/dergipark.org.tr\/\" target=\"_blank\" rel=\"noopener\">Dergipark<\/a> veri taban\u0131ndan yararland\u0131k. Terimlerle ilgili bulabildi\u011fimiz daha detayl\u0131 <a href=\"https:\/\/logos.bilkent.edu.tr\/index.php\/tag\/turkce-kaynak\/\">T\u00fcrk\u00e7e kaynaklara<\/a> da ba\u011flant\u0131 vermeye \u00e7al\u0131\u015ft\u0131k. Yine de hatal\u0131 \u00e7evirilerimiz veya atlad\u0131\u011f\u0131m\u0131z kullan\u0131mlar olduysa veya g\u00f6z\u00fcn\u00fcze ba\u015fka eksiklikler \u00e7arparsa, bize <a href=\"https:\/\/logos.bilkent.edu.tr\/index.php\/iletisim\/\">iletirseniz<\/a> en h\u0131zl\u0131 \u015fekilde d\u00fczeltmek i\u00e7in elimizden geleni yapar\u0131z. <a href=\"https:\/\/logos.bilkent.edu.tr\/index.php\/terim-oner\/\">Yeni s\u00f6zc\u00fck \u00f6nerilerine<\/a> de her zaman a\u00e7\u0131\u011f\u0131z.<\/p>\n","protected":false},"excerpt":{"rendered":"<p>Bilkent \u00dcniversitesi felsefe b\u00f6l\u00fcm\u00fc hocalar\u0131 ve lisans\u00fcst\u00fc \u00f6\u011frencilerinin g\u00f6n\u00fcll\u00fc \u00e7al\u0131\u015fmalar\u0131 ile olu\u015fturulan Bilkent Felsefe S\u00f6zl\u00fc\u011f\u00fc UNESCO D\u00fcnya Felsefe G\u00fcn\u00fc vesilesiyle 17 Kas\u0131m 2022 tarihinde yay\u0131n hayat\u0131na ba\u015flad\u0131. \u015eu anda s\u00f6zl\u00fckte felsefe ve ilgili alanlara dair terim bulunuyor. S\u00f6zl\u00fc\u011f\u00fcn kelime da\u011farc\u0131\u011f\u0131n\u0131 s\u00fcrekli art\u0131rmay\u0131 planl\u0131yoruz. K\u00e2r amac\u0131 g\u00fctmeyen bu s\u00f6zl\u00fc\u011f\u00fcn \u00fc\u00e7 temel hedefi var: \u00d6\u011frencilere, akademisyenlere ve [&hellip;]<\/p>\n","protected":false},"author":1,"featured_media":0,"parent":0,"menu_order":0,"comment_status":"closed","ping_status":"closed","template":"","meta":{"_monsterinsights_skip_tracking":false,"_monsterinsights_sitenote_active":false,"_monsterinsights_sitenote_note":"","_monsterinsights_sitenote_category":0,"footnotes":""},"class_list":["post-121","page","type-page","status-publish","hentry"],"yoast_head":"<!-- This site is optimized with the Yoast SEO plugin v26.3 - https:\/\/yoast.com\/wordpress\/plugins\/seo\/ -->\n<title>Hakk\u0131nda - Bilkent Felsefe S\u00f6zl\u00fc\u011f\u00fc<\/title>\n<meta name=\"robots\" content=\"index, follow, max-snippet:-1, max-image-preview:large, max-video-preview:-1\" \/>\n<link rel=\"canonical\" href=\"https:\/\/logos.bilkent.edu.tr\/index.php\/hakkinda\/\" \/>\n<meta property=\"og:locale\" content=\"en_US\" \/>\n<meta property=\"og:type\" content=\"article\" \/>\n<meta property=\"og:title\" content=\"Hakk\u0131nda - Bilkent Felsefe S\u00f6zl\u00fc\u011f\u00fc\" \/>\n<meta property=\"og:description\" content=\"Bilkent \u00dcniversitesi felsefe b\u00f6l\u00fcm\u00fc hocalar\u0131 ve lisans\u00fcst\u00fc \u00f6\u011frencilerinin g\u00f6n\u00fcll\u00fc \u00e7al\u0131\u015fmalar\u0131 ile olu\u015fturulan Bilkent Felsefe S\u00f6zl\u00fc\u011f\u00fc UNESCO D\u00fcnya Felsefe G\u00fcn\u00fc vesilesiyle 17 Kas\u0131m 2022 tarihinde yay\u0131n hayat\u0131na ba\u015flad\u0131. \u015eu anda s\u00f6zl\u00fckte felsefe ve ilgili alanlara dair terim bulunuyor. S\u00f6zl\u00fc\u011f\u00fcn kelime da\u011farc\u0131\u011f\u0131n\u0131 s\u00fcrekli art\u0131rmay\u0131 planl\u0131yoruz. K\u00e2r amac\u0131 g\u00fctmeyen bu s\u00f6zl\u00fc\u011f\u00fcn \u00fc\u00e7 temel hedefi var: \u00d6\u011frencilere, akademisyenlere ve [&hellip;]\" \/>\n<meta property=\"og:url\" content=\"https:\/\/logos.bilkent.edu.tr\/index.php\/hakkinda\/\" \/>\n<meta property=\"og:site_name\" content=\"Bilkent Felsefe S\u00f6zl\u00fc\u011f\u00fc\" \/>\n<meta property=\"article:modified_time\" content=\"2022-11-18T08:58:31+00:00\" \/>\n<meta name=\"twitter:card\" content=\"summary_large_image\" \/>\n<meta name=\"twitter:site\" content=\"@BilFelSozluk\" \/>\n<meta name=\"twitter:label1\" content=\"Est. reading time\" \/>\n\t<meta name=\"twitter:data1\" content=\"1 minute\" \/>\n<script type=\"application\/ld+json\" class=\"yoast-schema-graph\">{\"@context\":\"https:\/\/schema.org\",\"@graph\":[{\"@type\":\"WebPage\",\"@id\":\"https:\/\/logos.bilkent.edu.tr\/index.php\/hakkinda\/\",\"url\":\"https:\/\/logos.bilkent.edu.tr\/index.php\/hakkinda\/\",\"name\":\"Hakk\u0131nda - Bilkent Felsefe S\u00f6zl\u00fc\u011f\u00fc\",\"isPartOf\":{\"@id\":\"https:\/\/logos.bilkent.edu.tr\/#website\"},\"datePublished\":\"2019-04-24T12:47:00+00:00\",\"dateModified\":\"2022-11-18T08:58:31+00:00\",\"breadcrumb\":{\"@id\":\"https:\/\/logos.bilkent.edu.tr\/index.php\/hakkinda\/#breadcrumb\"},\"inLanguage\":\"en-US\",\"potentialAction\":[{\"@type\":\"ReadAction\",\"target\":[\"https:\/\/logos.bilkent.edu.tr\/index.php\/hakkinda\/\"]}]},{\"@type\":\"BreadcrumbList\",\"@id\":\"https:\/\/logos.bilkent.edu.tr\/index.php\/hakkinda\/#breadcrumb\",\"itemListElement\":[{\"@type\":\"ListItem\",\"position\":1,\"name\":\"Home\",\"item\":\"https:\/\/logos.bilkent.edu.tr\/\"},{\"@type\":\"ListItem\",\"position\":2,\"name\":\"Hakk\u0131nda\"}]},{\"@type\":\"WebSite\",\"@id\":\"https:\/\/logos.bilkent.edu.tr\/#website\",\"url\":\"https:\/\/logos.bilkent.edu.tr\/\",\"name\":\"Bilkent Felsefe S\u00f6zl\u00fc\u011f\u00fc\",\"description\":\"\u0130ngilizce T\u00fcrk\u00e7e Felsefe Terimleri S\u00f6zl\u00fc\u011f\u00fc\",\"publisher\":{\"@id\":\"https:\/\/logos.bilkent.edu.tr\/#organization\"},\"potentialAction\":[{\"@type\":\"SearchAction\",\"target\":{\"@type\":\"EntryPoint\",\"urlTemplate\":\"https:\/\/logos.bilkent.edu.tr\/?s={search_term_string}\"},\"query-input\":{\"@type\":\"PropertyValueSpecification\",\"valueRequired\":true,\"valueName\":\"search_term_string\"}}],\"inLanguage\":\"en-US\"},{\"@type\":\"Organization\",\"@id\":\"https:\/\/logos.bilkent.edu.tr\/#organization\",\"name\":\"Bilkent Felsefe S\u00f6zl\u00fc\u011f\u00fc\",\"url\":\"https:\/\/logos.bilkent.edu.tr\/\",\"logo\":{\"@type\":\"ImageObject\",\"inLanguage\":\"en-US\",\"@id\":\"https:\/\/logos.bilkent.edu.tr\/#\/schema\/logo\/image\/\",\"url\":\"https:\/\/logos.bilkent.edu.tr\/wp-content\/uploads\/2022\/11\/sozluk-logo-6.png\",\"contentUrl\":\"https:\/\/logos.bilkent.edu.tr\/wp-content\/uploads\/2022\/11\/sozluk-logo-6.png\",\"width\":300,\"height\":41,\"caption\":\"Bilkent Felsefe S\u00f6zl\u00fc\u011f\u00fc\"},\"image\":{\"@id\":\"https:\/\/logos.bilkent.edu.tr\/#\/schema\/logo\/image\/\"},\"sameAs\":[\"https:\/\/x.com\/BilFelSozluk\"]}]}<\/script>\n<!-- \/ Yoast SEO plugin. -->","yoast_head_json":{"title":"Hakk\u0131nda - Bilkent Felsefe S\u00f6zl\u00fc\u011f\u00fc","robots":{"index":"index","follow":"follow","max-snippet":"max-snippet:-1","max-image-preview":"max-image-preview:large","max-video-preview":"max-video-preview:-1"},"canonical":"https:\/\/logos.bilkent.edu.tr\/index.php\/hakkinda\/","og_locale":"en_US","og_type":"article","og_title":"Hakk\u0131nda - Bilkent Felsefe S\u00f6zl\u00fc\u011f\u00fc","og_description":"Bilkent \u00dcniversitesi felsefe b\u00f6l\u00fcm\u00fc hocalar\u0131 ve lisans\u00fcst\u00fc \u00f6\u011frencilerinin g\u00f6n\u00fcll\u00fc \u00e7al\u0131\u015fmalar\u0131 ile olu\u015fturulan Bilkent Felsefe S\u00f6zl\u00fc\u011f\u00fc UNESCO D\u00fcnya Felsefe G\u00fcn\u00fc vesilesiyle 17 Kas\u0131m 2022 tarihinde yay\u0131n hayat\u0131na ba\u015flad\u0131. \u015eu anda s\u00f6zl\u00fckte felsefe ve ilgili alanlara dair terim bulunuyor. S\u00f6zl\u00fc\u011f\u00fcn kelime da\u011farc\u0131\u011f\u0131n\u0131 s\u00fcrekli art\u0131rmay\u0131 planl\u0131yoruz. K\u00e2r amac\u0131 g\u00fctmeyen bu s\u00f6zl\u00fc\u011f\u00fcn \u00fc\u00e7 temel hedefi var: \u00d6\u011frencilere, akademisyenlere ve [&hellip;]","og_url":"https:\/\/logos.bilkent.edu.tr\/index.php\/hakkinda\/","og_site_name":"Bilkent Felsefe S\u00f6zl\u00fc\u011f\u00fc","article_modified_time":"2022-11-18T08:58:31+00:00","twitter_card":"summary_large_image","twitter_site":"@BilFelSozluk","twitter_misc":{"Est. reading time":"1 minute"},"schema":{"@context":"https:\/\/schema.org","@graph":[{"@type":"WebPage","@id":"https:\/\/logos.bilkent.edu.tr\/index.php\/hakkinda\/","url":"https:\/\/logos.bilkent.edu.tr\/index.php\/hakkinda\/","name":"Hakk\u0131nda - Bilkent Felsefe S\u00f6zl\u00fc\u011f\u00fc","isPartOf":{"@id":"https:\/\/logos.bilkent.edu.tr\/#website"},"datePublished":"2019-04-24T12:47:00+00:00","dateModified":"2022-11-18T08:58:31+00:00","breadcrumb":{"@id":"https:\/\/logos.bilkent.edu.tr\/index.php\/hakkinda\/#breadcrumb"},"inLanguage":"en-US","potentialAction":[{"@type":"ReadAction","target":["https:\/\/logos.bilkent.edu.tr\/index.php\/hakkinda\/"]}]},{"@type":"BreadcrumbList","@id":"https:\/\/logos.bilkent.edu.tr\/index.php\/hakkinda\/#breadcrumb","itemListElement":[{"@type":"ListItem","position":1,"name":"Home","item":"https:\/\/logos.bilkent.edu.tr\/"},{"@type":"ListItem","position":2,"name":"Hakk\u0131nda"}]},{"@type":"WebSite","@id":"https:\/\/logos.bilkent.edu.tr\/#website","url":"https:\/\/logos.bilkent.edu.tr\/","name":"Bilkent Felsefe S\u00f6zl\u00fc\u011f\u00fc","description":"\u0130ngilizce T\u00fcrk\u00e7e Felsefe Terimleri S\u00f6zl\u00fc\u011f\u00fc","publisher":{"@id":"https:\/\/logos.bilkent.edu.tr\/#organization"},"potentialAction":[{"@type":"SearchAction","target":{"@type":"EntryPoint","urlTemplate":"https:\/\/logos.bilkent.edu.tr\/?s={search_term_string}"},"query-input":{"@type":"PropertyValueSpecification","valueRequired":true,"valueName":"search_term_string"}}],"inLanguage":"en-US"},{"@type":"Organization","@id":"https:\/\/logos.bilkent.edu.tr\/#organization","name":"Bilkent Felsefe S\u00f6zl\u00fc\u011f\u00fc","url":"https:\/\/logos.bilkent.edu.tr\/","logo":{"@type":"ImageObject","inLanguage":"en-US","@id":"https:\/\/logos.bilkent.edu.tr\/#\/schema\/logo\/image\/","url":"https:\/\/logos.bilkent.edu.tr\/wp-content\/uploads\/2022\/11\/sozluk-logo-6.png","contentUrl":"https:\/\/logos.bilkent.edu.tr\/wp-content\/uploads\/2022\/11\/sozluk-logo-6.png","width":300,"height":41,"caption":"Bilkent Felsefe S\u00f6zl\u00fc\u011f\u00fc"},"image":{"@id":"https:\/\/logos.bilkent.edu.tr\/#\/schema\/logo\/image\/"},"sameAs":["https:\/\/x.com\/BilFelSozluk"]}]}},"_links":{"self":[{"href":"https:\/\/logos.bilkent.edu.tr\/index.php\/wp-json\/wp\/v2\/pages\/121","targetHints":{"allow":["GET"]}}],"collection":[{"href":"https:\/\/logos.bilkent.edu.tr\/index.php\/wp-json\/wp\/v2\/pages"}],"about":[{"href":"https:\/\/logos.bilkent.edu.tr\/index.php\/wp-json\/wp\/v2\/types\/page"}],"author":[{"embeddable":true,"href":"https:\/\/logos.bilkent.edu.tr\/index.php\/wp-json\/wp\/v2\/users\/1"}],"replies":[{"embeddable":true,"href":"https:\/\/logos.bilkent.edu.tr\/index.php\/wp-json\/wp\/v2\/comments?post=121"}],"version-history":[{"count":34,"href":"https:\/\/logos.bilkent.edu.tr\/index.php\/wp-json\/wp\/v2\/pages\/121\/revisions"}],"predecessor-version":[{"id":15062,"href":"https:\/\/logos.bilkent.edu.tr\/index.php\/wp-json\/wp\/v2\/pages\/121\/revisions\/15062"}],"wp:attachment":[{"href":"https:\/\/logos.bilkent.edu.tr\/index.php\/wp-json\/wp\/v2\/media?parent=121"}],"curies":[{"name":"wp","href":"https:\/\/api.w.org\/{rel}","templated":true}]}}